{"id":28,"date":"2023-02-09T18:51:36","date_gmt":"2023-02-09T18:51:36","guid":{"rendered":"http:\/\/institutocorrerpelavida.com.br\/?page_id=28"},"modified":"2023-11-09T20:23:47","modified_gmt":"2023-11-09T20:23:47","slug":"talentos-em-corrida","status":"publish","type":"page","link":"http:\/\/institutocorrerpelavida.com.br\/?page_id=28","title":{"rendered":"Talentos em Corrida"},"content":{"rendered":"<div class=\"wp-block-image\">\n<figure class=\"aligncenter size-full\"><img loading=\"lazy\" decoding=\"async\" width=\"960\" height=\"720\" src=\"http:\/\/institutocorrerpelavida.com.br\/wp-content\/uploads\/2023\/11\/04.jpg\" alt=\"\" class=\"wp-image-182\" srcset=\"http:\/\/institutocorrerpelavida.com.br\/wp-content\/uploads\/2023\/11\/04.jpg 960w, http:\/\/institutocorrerpelavida.com.br\/wp-content\/uploads\/2023\/11\/04-300x225.jpg 300w, http:\/\/institutocorrerpelavida.com.br\/wp-content\/uploads\/2023\/11\/04-768x576.jpg 768w\" sizes=\"auto, (max-width: 960px) 100vw, 960px\" \/><\/figure>\n<\/div>\n\n\n<p class=\"has-text-align-center\">O <strong>Projeto Talentos em Corrida<\/strong> come\u00e7ou atrav\u00e9s da iniciativa da Professora Maria Luiza Couto em organizar corridas anuais com seus alunos, que faziam parte da Escola Municipal Est\u00e1cio De S\u00e1. Atualmente o projeto \u00e9 direcionado para jovens estudantes e pessoas das comunidades carentes do Rio De Janeiro. Com um objetivo social de dar uma melhor perspectiva de vida e de atingir altos n\u00edveis de performance, proporcionando aos atletas treinos de alto rendimento baseados em diversos anos de estudo e experi\u00eancia, com uma equipe de professores extremamente qualificada, formada por: Prof. C\u00e9sar Couto, Prof. Maria Luiza Couto, Prof. Andr\u00e9 Levy, Prof. Antonio Ferreira e a ajuda de Jorge Ricardo (l\u00edder comunit\u00e1rio da Comunidade da Babil\u00f4nia).<\/p>\n\n\n\n<p class=\"has-text-align-center\">Com a implanta\u00e7\u00e3o do <strong>Projeto Talentos em Corrida, <\/strong>o<strong> Instituto Correr Pela Vida, <\/strong>desenvolve um programa destinado a incentivar e difundir a pr\u00e1tica do pedestrianismo como forma de integra\u00e7\u00e3o e desenvolvimento esportivo e social, visando a integra\u00e7\u00e3o dos participantes no contexto social e a prepara\u00e7\u00e3o para a participa\u00e7\u00e3o em competi\u00e7\u00f5es esportivas. Por sua import\u00e2ncia e alcance social, as atividades esportivas s\u00e3o orientadas por a\u00e7\u00f5es que contribuem com efic\u00e1cia para a forma\u00e7\u00e3o da cidadania. Nesse sentido, os procedimentos metodol\u00f3gicos s\u00e3o aplicados com \u00eanfase no processo educativo e na inclus\u00e3o no meio social, atrav\u00e9s de conceitos como participa\u00e7\u00e3o, coopera\u00e7\u00e3o e educa\u00e7\u00e3o.<\/p>\n\n\n\n<figure class=\"wp-block-image size-full\"><img loading=\"lazy\" decoding=\"async\" width=\"1024\" height=\"768\" src=\"http:\/\/institutocorrerpelavida.com.br\/wp-content\/uploads\/2023\/11\/05.jpg\" alt=\"\" class=\"wp-image-183\" srcset=\"http:\/\/institutocorrerpelavida.com.br\/wp-content\/uploads\/2023\/11\/05.jpg 1024w, http:\/\/institutocorrerpelavida.com.br\/wp-content\/uploads\/2023\/11\/05-300x225.jpg 300w, http:\/\/institutocorrerpelavida.com.br\/wp-content\/uploads\/2023\/11\/05-768x576.jpg 768w\" sizes=\"auto, (max-width: 1024px) 100vw, 1024px\" \/><\/figure>\n\n\n\n<p class=\"has-text-align-center\">O Treinamento Desportivo \u00e9 um dos segmentos da Educa\u00e7\u00e3o F\u00edsica, portanto, parte integrante da Educa\u00e7\u00e3o Geral. \u00c9 considerado como o coroamento da aprendizagem propriamente dita e da fixa\u00e7\u00e3o. \u00c9 a especializa\u00e7\u00e3o, e como tal, est\u00e1 condicionado, e deve objetivar ao grau de <strong>forma\u00e7\u00e3o integral dos indiv\u00edduos participantes desse processo, nas seguintes quest\u00f5es: intelectual, f\u00edsica, emocional e social, e nunca apenas em rela\u00e7\u00e3o ao grau de forma\u00e7\u00e3o t\u00e9cnica ou de capacidade individual.<\/strong><\/p>\n\n\n\n<p class=\"has-text-align-center\">O<strong> Projeto Talentos em Corrida<\/strong> se prop\u00f5e a atender a todos os interessados das comunidades carentes e de outras camadas sociais, objetivando a pr\u00e1tica do treinamento de corrida de velocidade, de meio-fundo e fundo, visando participa\u00e7\u00e3o em competi\u00e7\u00f5es oficiais a n\u00edvel municipal, estadual e nacional.<\/p>\n\n\n\n<figure class=\"wp-block-image size-large\"><img loading=\"lazy\" decoding=\"async\" width=\"1024\" height=\"577\" src=\"http:\/\/institutocorrerpelavida.com.br\/wp-content\/uploads\/2023\/11\/06-1-1024x577.jpg\" alt=\"\" class=\"wp-image-188\" srcset=\"http:\/\/institutocorrerpelavida.com.br\/wp-content\/uploads\/2023\/11\/06-1-1024x577.jpg 1024w, http:\/\/institutocorrerpelavida.com.br\/wp-content\/uploads\/2023\/11\/06-1-300x169.jpg 300w, http:\/\/institutocorrerpelavida.com.br\/wp-content\/uploads\/2023\/11\/06-1-768x432.jpg 768w\" sizes=\"auto, (max-width: 1024px) 100vw, 1024px\" \/><\/figure>\n\n\n\n<p class=\"has-text-align-center\">Com esses objetivos e valores, o <strong>Projeto Talentos em Corrida<\/strong> possui atividades na cidade do Rio de Janeiro e estamos trabalhando na reestrutura\u00e7\u00e3o dos n\u00facleos de treinamento nas cidades de Teres\u00f3polis e B\u00fazios.<\/p>\n","protected":false},"excerpt":{"rendered":"<p>O Projeto Talentos em Corrida come\u00e7ou atrav\u00e9s da iniciativa da Professora Maria Luiza Couto em organizar corridas anuais com seus alunos, que faziam parte da Escola Municipal Est\u00e1cio De S\u00e1. Atualmente o projeto \u00e9 direcionado para jovens estudantes e pessoas das comunidades carentes do Rio De Janeiro. Com um objetivo social de dar uma melhor [&hellip;]<\/p>\n","protected":false},"author":1,"featured_media":0,"parent":0,"menu_order":0,"comment_status":"closed","ping_status":"closed","template":"","meta":{"footnotes":""},"class_list":["post-28","page","type-page","status-publish","hentry"],"_links":{"self":[{"href":"http:\/\/institutocorrerpelavida.com.br\/index.php?rest_route=\/wp\/v2\/pages\/28","targetHints":{"allow":["GET"]}}],"collection":[{"href":"http:\/\/institutocorrerpelavida.com.br\/index.php?rest_route=\/wp\/v2\/pages"}],"about":[{"href":"http:\/\/institutocorrerpelavida.com.br\/index.php?rest_route=\/wp\/v2\/types\/page"}],"author":[{"embeddable":true,"href":"http:\/\/institutocorrerpelavida.com.br\/index.php?rest_route=\/wp\/v2\/users\/1"}],"replies":[{"embeddable":true,"href":"http:\/\/institutocorrerpelavida.com.br\/index.php?rest_route=%2Fwp%2Fv2%2Fcomments&post=28"}],"version-history":[{"count":9,"href":"http:\/\/institutocorrerpelavida.com.br\/index.php?rest_route=\/wp\/v2\/pages\/28\/revisions"}],"predecessor-version":[{"id":189,"href":"http:\/\/institutocorrerpelavida.com.br\/index.php?rest_route=\/wp\/v2\/pages\/28\/revisions\/189"}],"wp:attachment":[{"href":"http:\/\/institutocorrerpelavida.com.br\/index.php?rest_route=%2Fwp%2Fv2%2Fmedia&parent=28"}],"curies":[{"name":"wp","href":"https:\/\/api.w.org\/{rel}","templated":true}]}}