{"id":21,"date":"2023-02-09T18:19:56","date_gmt":"2023-02-09T18:19:56","guid":{"rendered":"http:\/\/institutocorrerpelavida.com.br\/?page_id=21"},"modified":"2025-10-24T19:32:50","modified_gmt":"2025-10-24T19:32:50","slug":"instituo-correr-pela-vida","status":"publish","type":"page","link":"http:\/\/institutocorrerpelavida.com.br\/","title":{"rendered":"Instituto Correr Pela Vida"},"content":{"rendered":"<div class=\"wp-block-image\">\n<figure class=\"aligncenter size-full\"><img loading=\"lazy\" decoding=\"async\" width=\"940\" height=\"198\" src=\"http:\/\/institutocorrerpelavida.com.br\/wp-content\/uploads\/2023\/02\/LOGO-SITE.jpg\" alt=\"\" class=\"wp-image-11\" srcset=\"http:\/\/institutocorrerpelavida.com.br\/wp-content\/uploads\/2023\/02\/LOGO-SITE.jpg 940w, http:\/\/institutocorrerpelavida.com.br\/wp-content\/uploads\/2023\/02\/LOGO-SITE-300x63.jpg 300w, http:\/\/institutocorrerpelavida.com.br\/wp-content\/uploads\/2023\/02\/LOGO-SITE-768x162.jpg 768w\" sizes=\"auto, (max-width: 940px) 100vw, 940px\" \/><\/figure>\n<\/div>\n\n\n<p class=\"has-text-align-center\">&#8220;A vida, n\u00e3o \u00e9 sobre metas, conquistas e linhas de chegada&#8230; \u00c9 sobre quem voc\u00ea se torna durante o percurso.&#8221;<\/p>\n\n\n\n<p class=\"has-text-align-center\"><strong>Contato: icpv@institutocorrerpelavida.com.br<\/strong><\/p>\n\n\n\n<figure class=\"wp-block-image size-full is-resized\"><img loading=\"lazy\" decoding=\"async\" width=\"441\" height=\"441\" src=\"http:\/\/institutocorrerpelavida.com.br\/wp-content\/uploads\/2023\/04\/20201102_070856.jpg\" alt=\"\" class=\"wp-image-66\" style=\"width:81px;height:81px\" srcset=\"http:\/\/institutocorrerpelavida.com.br\/wp-content\/uploads\/2023\/04\/20201102_070856.jpg 441w, http:\/\/institutocorrerpelavida.com.br\/wp-content\/uploads\/2023\/04\/20201102_070856-300x300.jpg 300w, http:\/\/institutocorrerpelavida.com.br\/wp-content\/uploads\/2023\/04\/20201102_070856-150x150.jpg 150w\" sizes=\"auto, (max-width: 441px) 100vw, 441px\" \/><figcaption class=\"wp-element-caption\"><a href=\"https:\/\/www.instagram.com\/institutocorrerpelavida\/\" target=\"_blank\" rel=\"noreferrer noopener\">https:\/\/www.instagram.com\/institutocorrerpelavida\/<\/a><\/figcaption><\/figure>\n\n\n\n<p><\/p>\n","protected":false},"excerpt":{"rendered":"<p>&#8220;A vida, n\u00e3o \u00e9 sobre metas, conquistas e linhas de chegada&#8230; \u00c9 sobre quem voc\u00ea se torna durante o percurso.&#8221; Contato: icpv@institutocorrerpelavida.com.br<\/p>\n","protected":false},"author":1,"featured_media":0,"parent":0,"menu_order":0,"comment_status":"closed","ping_status":"closed","template":"","meta":{"footnotes":""},"class_list":["post-21","page","type-page","status-publish","hentry"],"_links":{"self":[{"href":"http:\/\/institutocorrerpelavida.com.br\/index.php?rest_route=\/wp\/v2\/pages\/21","targetHints":{"allow":["GET"]}}],"collection":[{"href":"http:\/\/institutocorrerpelavida.com.br\/index.php?rest_route=\/wp\/v2\/pages"}],"about":[{"href":"http:\/\/institutocorrerpelavida.com.br\/index.php?rest_route=\/wp\/v2\/types\/page"}],"author":[{"embeddable":true,"href":"http:\/\/institutocorrerpelavida.com.br\/index.php?rest_route=\/wp\/v2\/users\/1"}],"replies":[{"embeddable":true,"href":"http:\/\/institutocorrerpelavida.com.br\/index.php?rest_route=%2Fwp%2Fv2%2Fcomments&post=21"}],"version-history":[{"count":10,"href":"http:\/\/institutocorrerpelavida.com.br\/index.php?rest_route=\/wp\/v2\/pages\/21\/revisions"}],"predecessor-version":[{"id":192,"href":"http:\/\/institutocorrerpelavida.com.br\/index.php?rest_route=\/wp\/v2\/pages\/21\/revisions\/192"}],"wp:attachment":[{"href":"http:\/\/institutocorrerpelavida.com.br\/index.php?rest_route=%2Fwp%2Fv2%2Fmedia&parent=21"}],"curies":[{"name":"wp","href":"https:\/\/api.w.org\/{rel}","templated":true}]}}